{"id":247,"date":"2019-02-21T09:31:26","date_gmt":"2019-02-21T12:31:26","guid":{"rendered":"http:\/\/conjuntocomercial.imb.br\/novo\/?post_type=project&#038;p=247"},"modified":"2020-04-23T17:58:40","modified_gmt":"2020-04-23T20:58:40","slug":"conjunto-comercial-para-locacao-na-vila-mariana-edificio-novo-ja-com-piso-forro-mineral-e-luminarias-e-ar-condicionado-em-edificio-moderno-ao-lado-de-estacao-metro-linha-verde-r-8-70400","status":"publish","type":"project","link":"https:\/\/imovelcomercial.imb.br\/novo\/project\/conjunto-comercial-para-locacao-na-vila-mariana-edificio-novo-ja-com-piso-forro-mineral-e-luminarias-e-ar-condicionado-em-edificio-moderno-ao-lado-de-estacao-metro-linha-verde-r-8-70400\/","title":{"rendered":"Conjunto comercial com 180m\u00b2 para loca\u00e7\u00e3o no Para\u00edso &#8211; Im\u00f3vel moderno pr\u00f3ximo a esta\u00e7\u00e3o do metro. R$ 12.600,00"},"content":{"rendered":"<p>[et_pb_section fb_built=&#8221;1&#8243; _builder_version=&#8221;3.22.3&#8243;][et_pb_row _builder_version=&#8221;3.22.3&#8243; background_size=&#8221;initial&#8221; background_position=&#8221;top_left&#8221; background_repeat=&#8221;repeat&#8221;][et_pb_column type=&#8221;1_2&#8243; _builder_version=&#8221;3.0.47&#8243;][et_pb_image src=&#8221;http:\/\/imovelcomercial.imb.br\/novo\/wp-content\/uploads\/2014\/06\/albatroz.jpg&#8221; alt=&#8221;Conjunto Comercial para loca\u00e7\u00e3o&#8221; align_tablet=&#8221;center&#8221; align_last_edited=&#8221;on|desktop&#8221; admin_label=&#8221;Image&#8221; _builder_version=&#8221;3.23&#8243; animation_style=&#8221;slide&#8221; animation_direction=&#8221;left&#8221; animation_duration=&#8221;500ms&#8221; animation_intensity_slide=&#8221;10%&#8221; animation=&#8221;left&#8221; sticky=&#8221;off&#8221; use_border_color=&#8221;off&#8221; border_color=&#8221;#ffffff&#8221; border_style=&#8221;solid&#8221; always_center_on_mobile=&#8221;on&#8221;][\/et_pb_image][\/et_pb_column][et_pb_column type=&#8221;1_2&#8243; _builder_version=&#8221;3.0.47&#8243;][et_pb_text admin_label=&#8221;Text&#8221; _builder_version=&#8221;3.0.87&#8243; background_size=&#8221;initial&#8221; background_position=&#8221;top_left&#8221; background_repeat=&#8221;repeat&#8221; use_border_color=&#8221;off&#8221; border_color=&#8221;#ffffff&#8221; border_style=&#8221;solid&#8221;]<\/p>\n<p>Conjunto Comercial para loca\u00e7\u00e3o no Para\u00edso, com 180m\u00b2 de \u00e1rea \u00fatil, 4 banheiros, copa, forro e lumin\u00e1rias, ar condicionado central, 4 vagas de garagem. Em edif\u00edcio de excelente padr\u00e3o corporativo, controle de acesso, seguran\u00e7a 24hrs, a duas quadras da Avenida Paulista, entre as esta\u00e7\u00f5es Brigadeiro e Para\u00edso do Metr\u00f4.<br \/> <b>R$ 12.600,00<\/b><\/p>\n<p>[\/et_pb_text][et_pb_cta title=&#8221;Mais Informa\u00e7\u00f5es&#8221; button_url=&#8221;http:\/\/www.office.imb.br\/imovel\/1406267\/conjunto-comercial-locacao-sao-paulo-sp-paraiso&#8221; button_text=&#8221;Clique Aqui!&#8221; admin_label=&#8221;Call To Action&#8221; _builder_version=&#8221;3.24&#8243; background_color=&#8221;#9e0303&#8243; background_size=&#8221;initial&#8221; background_position=&#8221;top_left&#8221; background_repeat=&#8221;repeat&#8221; use_border_color=&#8221;off&#8221; border_color=&#8221;#ffffff&#8221; border_style=&#8221;solid&#8221; button_letter_spacing_hover=&#8221;0&#8243; button_text_size__hover_enabled=&#8221;off&#8221; button_one_text_size__hover_enabled=&#8221;off&#8221; button_two_text_size__hover_enabled=&#8221;off&#8221; button_text_color__hover_enabled=&#8221;off&#8221; button_one_text_color__hover_enabled=&#8221;off&#8221; button_two_text_color__hover_enabled=&#8221;off&#8221; button_border_width__hover_enabled=&#8221;off&#8221; button_one_border_width__hover_enabled=&#8221;off&#8221; button_two_border_width__hover_enabled=&#8221;off&#8221; button_border_color__hover_enabled=&#8221;off&#8221; button_one_border_color__hover_enabled=&#8221;off&#8221; button_two_border_color__hover_enabled=&#8221;off&#8221; button_border_radius__hover_enabled=&#8221;off&#8221; button_one_border_radius__hover_enabled=&#8221;off&#8221; button_two_border_radius__hover_enabled=&#8221;off&#8221; button_letter_spacing__hover_enabled=&#8221;on&#8221; button_letter_spacing__hover=&#8221;0&#8243; button_one_letter_spacing__hover_enabled=&#8221;off&#8221; button_two_letter_spacing__hover_enabled=&#8221;off&#8221; button_bg_color__hover_enabled=&#8221;off&#8221; button_one_bg_color__hover_enabled=&#8221;off&#8221; button_two_bg_color__hover_enabled=&#8221;off&#8221;]<\/p>\n<p style=\"text-align: center;\"><strong>Ligue 2924 4030<br \/> ou<\/strong><\/p>\n<p>[\/et_pb_cta][et_pb_toggle title=&#8221;Sobre a imobili\u00e1ria&#8221; admin_label=&#8221;Toggle&#8221; _builder_version=&#8221;3.0.48&#8243; background_size=&#8221;initial&#8221; background_position=&#8221;top_left&#8221; background_repeat=&#8221;repeat&#8221;]A Saru\u00ea Solu\u00e7\u00f5es Imobili\u00e1rias \u00e9 especializada na venda ou loca\u00e7\u00e3o de conjunto comercial em S\u00e3o Paulo, na regi\u00e3o dos Jardins (Paulista), Itaim, Vila Olimpia, Vila Mariana e Brooklin (Berrini).<br \/>\n[\/et_pb_toggle][\/et_pb_column][\/et_pb_row][\/et_pb_section]<\/p>\n","protected":false},"excerpt":{"rendered":"<p>[et_pb_section fb_built=&#8221;1&#8243; _builder_version=&#8221;3.22.3&#8243;][et_pb_row _builder_version=&#8221;3.22.3&#8243; background_size=&#8221;initial&#8221; background_position=&#8221;top_left&#8221; background_repeat=&#8221;repeat&#8221;][et_pb_column type=&#8221;1_2&#8243; _builder_version=&#8221;3.0.47&#8243;][et_pb_image src=&#8221;http:\/\/imovelcomercial.imb.br\/novo\/wp-content\/uploads\/2014\/06\/albatroz.jpg&#8221; alt=&#8221;Conjunto Comercial para loca\u00e7\u00e3o&#8221; align_tablet=&#8221;center&#8221; align_last_edited=&#8221;on|desktop&#8221; admin_label=&#8221;Image&#8221; _builder_version=&#8221;3.23&#8243; animation_style=&#8221;slide&#8221; animation_direction=&#8221;left&#8221; animation_duration=&#8221;500ms&#8221; animation_intensity_slide=&#8221;10%&#8221; animation=&#8221;left&#8221; sticky=&#8221;off&#8221; use_border_color=&#8221;off&#8221; border_color=&#8221;#ffffff&#8221; border_style=&#8221;solid&#8221; always_center_on_mobile=&#8221;on&#8221;][\/et_pb_image][\/et_pb_column][et_pb_column type=&#8221;1_2&#8243; _builder_version=&#8221;3.0.47&#8243;][et_pb_text admin_label=&#8221;Text&#8221; _builder_version=&#8221;3.0.87&#8243; background_size=&#8221;initial&#8221; background_position=&#8221;top_left&#8221; background_repeat=&#8221;repeat&#8221; use_border_color=&#8221;off&#8221; border_color=&#8221;#ffffff&#8221; border_style=&#8221;solid&#8221;] Conjunto Comercial para loca\u00e7\u00e3o no Para\u00edso, com 180m\u00b2 de \u00e1rea \u00fatil, 4 banheiros, copa, forro e lumin\u00e1rias, [&hellip;]<\/p>\n","protected":false},"author":1,"featured_media":876,"comment_status":"open","ping_status":"open","template":"","meta":{"_et_pb_use_builder":"on","_et_pb_old_content":"","footnotes":""},"project_category":[9,39],"project_tag":[45,15,11,48],"class_list":["post-247","project","type-project","status-publish","has-post-thumbnail","hentry","project_category-destaques-da-imobiliaria","project_category-salas-comerciais","project_tag-aluguel-de-sala-comercial","project_tag-conjunto-comercial-para-locacao","project_tag-imobiliaria-comercial","project_tag-imovel-locacao-comercial-paraiso"],"yoast_head":"<!-- This site is optimized with the Yoast SEO plugin v23.3 - https:\/\/yoast.com\/wordpress\/plugins\/seo\/ -->\n<title>Im\u00f3vel comercial para loca\u00e7\u00e3o na Vila Mariana<\/title>\n<meta name=\"description\" content=\"Edif\u00edcio novo j\u00e1 com piso, forro mineral e lumin\u00e1rias e ar condicionado, em edif\u00edcio moderno com controle de acesso eletr\u00f4nico, seguran\u00e7a 24hs, estacionamento rotativo ao lado de esta\u00e7\u00e3o do metro linha verde. R$ 8.704,00\" \/>\n<meta name=\"robots\" content=\"index, follow, max-snippet:-1, max-image-preview:large, max-video-preview:-1\" \/>\n<link rel=\"canonical\" href=\"https:\/\/imovelcomercial.imb.br\/novo\/project\/conjunto-comercial-para-locacao-na-vila-mariana-edificio-novo-ja-com-piso-forro-mineral-e-luminarias-e-ar-condicionado-em-edificio-moderno-ao-lado-de-estacao-metro-linha-verde-r-8-70400\/\" \/>\n<meta property=\"og:locale\" content=\"pt_BR\" \/>\n<meta property=\"og:type\" content=\"article\" \/>\n<meta property=\"og:title\" content=\"Im\u00f3vel comercial para loca\u00e7\u00e3o na Vila Mariana\" \/>\n<meta property=\"og:description\" content=\"Edif\u00edcio novo j\u00e1 com piso, forro mineral e lumin\u00e1rias e ar condicionado, em edif\u00edcio moderno com controle de acesso eletr\u00f4nico, seguran\u00e7a 24hs, estacionamento rotativo ao lado de esta\u00e7\u00e3o do metro linha verde. R$ 8.704,00\" \/>\n<meta property=\"og:url\" content=\"https:\/\/imovelcomercial.imb.br\/novo\/project\/conjunto-comercial-para-locacao-na-vila-mariana-edificio-novo-ja-com-piso-forro-mineral-e-luminarias-e-ar-condicionado-em-edificio-moderno-ao-lado-de-estacao-metro-linha-verde-r-8-70400\/\" \/>\n<meta property=\"og:site_name\" content=\"Im\u00f3vel Comercial - S\u00e3o Paulo\" \/>\n<meta property=\"article:modified_time\" content=\"2020-04-23T20:58:40+00:00\" \/>\n<meta property=\"og:image\" content=\"https:\/\/imovelcomercial.imb.br\/novo\/wp-content\/uploads\/2014\/06\/albatroz.jpg\" \/>\n\t<meta property=\"og:image:width\" content=\"550\" \/>\n\t<meta property=\"og:image:height\" content=\"453\" \/>\n\t<meta property=\"og:image:type\" content=\"image\/jpeg\" \/>\n<meta name=\"twitter:label1\" content=\"Est. tempo de leitura\" \/>\n\t<meta name=\"twitter:data1\" content=\"2 minutos\" \/>\n<script type=\"application\/ld+json\" class=\"yoast-schema-graph\">{\"@context\":\"https:\/\/schema.org\",\"@graph\":[{\"@type\":\"WebPage\",\"@id\":\"https:\/\/imovelcomercial.imb.br\/novo\/project\/conjunto-comercial-para-locacao-na-vila-mariana-edificio-novo-ja-com-piso-forro-mineral-e-luminarias-e-ar-condicionado-em-edificio-moderno-ao-lado-de-estacao-metro-linha-verde-r-8-70400\/\",\"url\":\"https:\/\/imovelcomercial.imb.br\/novo\/project\/conjunto-comercial-para-locacao-na-vila-mariana-edificio-novo-ja-com-piso-forro-mineral-e-luminarias-e-ar-condicionado-em-edificio-moderno-ao-lado-de-estacao-metro-linha-verde-r-8-70400\/\",\"name\":\"Im\u00f3vel comercial para loca\u00e7\u00e3o na Vila Mariana\",\"isPartOf\":{\"@id\":\"https:\/\/imovelcomercial.imb.br\/novo\/#website\"},\"primaryImageOfPage\":{\"@id\":\"https:\/\/imovelcomercial.imb.br\/novo\/project\/conjunto-comercial-para-locacao-na-vila-mariana-edificio-novo-ja-com-piso-forro-mineral-e-luminarias-e-ar-condicionado-em-edificio-moderno-ao-lado-de-estacao-metro-linha-verde-r-8-70400\/#primaryimage\"},\"image\":{\"@id\":\"https:\/\/imovelcomercial.imb.br\/novo\/project\/conjunto-comercial-para-locacao-na-vila-mariana-edificio-novo-ja-com-piso-forro-mineral-e-luminarias-e-ar-condicionado-em-edificio-moderno-ao-lado-de-estacao-metro-linha-verde-r-8-70400\/#primaryimage\"},\"thumbnailUrl\":\"https:\/\/imovelcomercial.imb.br\/novo\/wp-content\/uploads\/2014\/06\/albatroz.jpg\",\"datePublished\":\"2019-02-21T12:31:26+00:00\",\"dateModified\":\"2020-04-23T20:58:40+00:00\",\"description\":\"Edif\u00edcio novo j\u00e1 com piso, forro mineral e lumin\u00e1rias e ar condicionado, em edif\u00edcio moderno com controle de acesso eletr\u00f4nico, seguran\u00e7a 24hs, estacionamento rotativo ao lado de esta\u00e7\u00e3o do metro linha verde. R$ 8.704,00\",\"breadcrumb\":{\"@id\":\"https:\/\/imovelcomercial.imb.br\/novo\/project\/conjunto-comercial-para-locacao-na-vila-mariana-edificio-novo-ja-com-piso-forro-mineral-e-luminarias-e-ar-condicionado-em-edificio-moderno-ao-lado-de-estacao-metro-linha-verde-r-8-70400\/#breadcrumb\"},\"inLanguage\":\"pt-BR\",\"potentialAction\":[{\"@type\":\"ReadAction\",\"target\":[\"https:\/\/imovelcomercial.imb.br\/novo\/project\/conjunto-comercial-para-locacao-na-vila-mariana-edificio-novo-ja-com-piso-forro-mineral-e-luminarias-e-ar-condicionado-em-edificio-moderno-ao-lado-de-estacao-metro-linha-verde-r-8-70400\/\"]}]},{\"@type\":\"ImageObject\",\"inLanguage\":\"pt-BR\",\"@id\":\"https:\/\/imovelcomercial.imb.br\/novo\/project\/conjunto-comercial-para-locacao-na-vila-mariana-edificio-novo-ja-com-piso-forro-mineral-e-luminarias-e-ar-condicionado-em-edificio-moderno-ao-lado-de-estacao-metro-linha-verde-r-8-70400\/#primaryimage\",\"url\":\"https:\/\/imovelcomercial.imb.br\/novo\/wp-content\/uploads\/2014\/06\/albatroz.jpg\",\"contentUrl\":\"https:\/\/imovelcomercial.imb.br\/novo\/wp-content\/uploads\/2014\/06\/albatroz.jpg\",\"width\":550,\"height\":453},{\"@type\":\"BreadcrumbList\",\"@id\":\"https:\/\/imovelcomercial.imb.br\/novo\/project\/conjunto-comercial-para-locacao-na-vila-mariana-edificio-novo-ja-com-piso-forro-mineral-e-luminarias-e-ar-condicionado-em-edificio-moderno-ao-lado-de-estacao-metro-linha-verde-r-8-70400\/#breadcrumb\",\"itemListElement\":[{\"@type\":\"ListItem\",\"position\":1,\"name\":\"Home\",\"item\":\"https:\/\/imovelcomercial.imb.br\/novo\/\"},{\"@type\":\"ListItem\",\"position\":2,\"name\":\"Projetos\",\"item\":\"https:\/\/imovelcomercial.imb.br\/novo\/project\/\"},{\"@type\":\"ListItem\",\"position\":3,\"name\":\"Conjunto comercial com 180m\u00b2 para loca\u00e7\u00e3o no Para\u00edso &#8211; Im\u00f3vel moderno pr\u00f3ximo a esta\u00e7\u00e3o do metro. R$ 12.600,00\"}]},{\"@type\":\"WebSite\",\"@id\":\"https:\/\/imovelcomercial.imb.br\/novo\/#website\",\"url\":\"https:\/\/imovelcomercial.imb.br\/novo\/\",\"name\":\"Im\u00f3vel Comercial - S\u00e3o Paulo\",\"description\":\"Imovel Comercial em S\u00e3o Paulo - Regi\u00e3o da Paulista, Itaim, Vila Olimpia e Berrini\",\"publisher\":{\"@id\":\"https:\/\/imovelcomercial.imb.br\/novo\/#organization\"},\"potentialAction\":[{\"@type\":\"SearchAction\",\"target\":{\"@type\":\"EntryPoint\",\"urlTemplate\":\"https:\/\/imovelcomercial.imb.br\/novo\/?s={search_term_string}\"},\"query-input\":\"required name=search_term_string\"}],\"inLanguage\":\"pt-BR\"},{\"@type\":\"Organization\",\"@id\":\"https:\/\/imovelcomercial.imb.br\/novo\/#organization\",\"name\":\"Im\u00f3vel Comercial - S\u00e3o Paulo\",\"url\":\"https:\/\/imovelcomercial.imb.br\/novo\/\",\"logo\":{\"@type\":\"ImageObject\",\"inLanguage\":\"pt-BR\",\"@id\":\"https:\/\/imovelcomercial.imb.br\/novo\/#\/schema\/logo\/image\/\",\"url\":\"https:\/\/imovelcomercial.imb.br\/novo\/wp-content\/uploads\/2022\/03\/logo.svg\",\"contentUrl\":\"https:\/\/imovelcomercial.imb.br\/novo\/wp-content\/uploads\/2022\/03\/logo.svg\",\"caption\":\"Im\u00f3vel Comercial - S\u00e3o Paulo\"},\"image\":{\"@id\":\"https:\/\/imovelcomercial.imb.br\/novo\/#\/schema\/logo\/image\/\"}}]}<\/script>\n<!-- \/ Yoast SEO plugin. -->","yoast_head_json":{"title":"Im\u00f3vel comercial para loca\u00e7\u00e3o na Vila Mariana","description":"Edif\u00edcio novo j\u00e1 com piso, forro mineral e lumin\u00e1rias e ar condicionado, em edif\u00edcio moderno com controle de acesso eletr\u00f4nico, seguran\u00e7a 24hs, estacionamento rotativo ao lado de esta\u00e7\u00e3o do metro linha verde. R$ 8.704,00","robots":{"index":"index","follow":"follow","max-snippet":"max-snippet:-1","max-image-preview":"max-image-preview:large","max-video-preview":"max-video-preview:-1"},"canonical":"https:\/\/imovelcomercial.imb.br\/novo\/project\/conjunto-comercial-para-locacao-na-vila-mariana-edificio-novo-ja-com-piso-forro-mineral-e-luminarias-e-ar-condicionado-em-edificio-moderno-ao-lado-de-estacao-metro-linha-verde-r-8-70400\/","og_locale":"pt_BR","og_type":"article","og_title":"Im\u00f3vel comercial para loca\u00e7\u00e3o na Vila Mariana","og_description":"Edif\u00edcio novo j\u00e1 com piso, forro mineral e lumin\u00e1rias e ar condicionado, em edif\u00edcio moderno com controle de acesso eletr\u00f4nico, seguran\u00e7a 24hs, estacionamento rotativo ao lado de esta\u00e7\u00e3o do metro linha verde. R$ 8.704,00","og_url":"https:\/\/imovelcomercial.imb.br\/novo\/project\/conjunto-comercial-para-locacao-na-vila-mariana-edificio-novo-ja-com-piso-forro-mineral-e-luminarias-e-ar-condicionado-em-edificio-moderno-ao-lado-de-estacao-metro-linha-verde-r-8-70400\/","og_site_name":"Im\u00f3vel Comercial - S\u00e3o Paulo","article_modified_time":"2020-04-23T20:58:40+00:00","og_image":[{"width":550,"height":453,"url":"https:\/\/imovelcomercial.imb.br\/novo\/wp-content\/uploads\/2014\/06\/albatroz.jpg","type":"image\/jpeg"}],"twitter_misc":{"Est. tempo de leitura":"2 minutos"},"schema":{"@context":"https:\/\/schema.org","@graph":[{"@type":"WebPage","@id":"https:\/\/imovelcomercial.imb.br\/novo\/project\/conjunto-comercial-para-locacao-na-vila-mariana-edificio-novo-ja-com-piso-forro-mineral-e-luminarias-e-ar-condicionado-em-edificio-moderno-ao-lado-de-estacao-metro-linha-verde-r-8-70400\/","url":"https:\/\/imovelcomercial.imb.br\/novo\/project\/conjunto-comercial-para-locacao-na-vila-mariana-edificio-novo-ja-com-piso-forro-mineral-e-luminarias-e-ar-condicionado-em-edificio-moderno-ao-lado-de-estacao-metro-linha-verde-r-8-70400\/","name":"Im\u00f3vel comercial para loca\u00e7\u00e3o na Vila Mariana","isPartOf":{"@id":"https:\/\/imovelcomercial.imb.br\/novo\/#website"},"primaryImageOfPage":{"@id":"https:\/\/imovelcomercial.imb.br\/novo\/project\/conjunto-comercial-para-locacao-na-vila-mariana-edificio-novo-ja-com-piso-forro-mineral-e-luminarias-e-ar-condicionado-em-edificio-moderno-ao-lado-de-estacao-metro-linha-verde-r-8-70400\/#primaryimage"},"image":{"@id":"https:\/\/imovelcomercial.imb.br\/novo\/project\/conjunto-comercial-para-locacao-na-vila-mariana-edificio-novo-ja-com-piso-forro-mineral-e-luminarias-e-ar-condicionado-em-edificio-moderno-ao-lado-de-estacao-metro-linha-verde-r-8-70400\/#primaryimage"},"thumbnailUrl":"https:\/\/imovelcomercial.imb.br\/novo\/wp-content\/uploads\/2014\/06\/albatroz.jpg","datePublished":"2019-02-21T12:31:26+00:00","dateModified":"2020-04-23T20:58:40+00:00","description":"Edif\u00edcio novo j\u00e1 com piso, forro mineral e lumin\u00e1rias e ar condicionado, em edif\u00edcio moderno com controle de acesso eletr\u00f4nico, seguran\u00e7a 24hs, estacionamento rotativo ao lado de esta\u00e7\u00e3o do metro linha verde. R$ 8.704,00","breadcrumb":{"@id":"https:\/\/imovelcomercial.imb.br\/novo\/project\/conjunto-comercial-para-locacao-na-vila-mariana-edificio-novo-ja-com-piso-forro-mineral-e-luminarias-e-ar-condicionado-em-edificio-moderno-ao-lado-de-estacao-metro-linha-verde-r-8-70400\/#breadcrumb"},"inLanguage":"pt-BR","potentialAction":[{"@type":"ReadAction","target":["https:\/\/imovelcomercial.imb.br\/novo\/project\/conjunto-comercial-para-locacao-na-vila-mariana-edificio-novo-ja-com-piso-forro-mineral-e-luminarias-e-ar-condicionado-em-edificio-moderno-ao-lado-de-estacao-metro-linha-verde-r-8-70400\/"]}]},{"@type":"ImageObject","inLanguage":"pt-BR","@id":"https:\/\/imovelcomercial.imb.br\/novo\/project\/conjunto-comercial-para-locacao-na-vila-mariana-edificio-novo-ja-com-piso-forro-mineral-e-luminarias-e-ar-condicionado-em-edificio-moderno-ao-lado-de-estacao-metro-linha-verde-r-8-70400\/#primaryimage","url":"https:\/\/imovelcomercial.imb.br\/novo\/wp-content\/uploads\/2014\/06\/albatroz.jpg","contentUrl":"https:\/\/imovelcomercial.imb.br\/novo\/wp-content\/uploads\/2014\/06\/albatroz.jpg","width":550,"height":453},{"@type":"BreadcrumbList","@id":"https:\/\/imovelcomercial.imb.br\/novo\/project\/conjunto-comercial-para-locacao-na-vila-mariana-edificio-novo-ja-com-piso-forro-mineral-e-luminarias-e-ar-condicionado-em-edificio-moderno-ao-lado-de-estacao-metro-linha-verde-r-8-70400\/#breadcrumb","itemListElement":[{"@type":"ListItem","position":1,"name":"Home","item":"https:\/\/imovelcomercial.imb.br\/novo\/"},{"@type":"ListItem","position":2,"name":"Projetos","item":"https:\/\/imovelcomercial.imb.br\/novo\/project\/"},{"@type":"ListItem","position":3,"name":"Conjunto comercial com 180m\u00b2 para loca\u00e7\u00e3o no Para\u00edso &#8211; Im\u00f3vel moderno pr\u00f3ximo a esta\u00e7\u00e3o do metro. R$ 12.600,00"}]},{"@type":"WebSite","@id":"https:\/\/imovelcomercial.imb.br\/novo\/#website","url":"https:\/\/imovelcomercial.imb.br\/novo\/","name":"Im\u00f3vel Comercial - S\u00e3o Paulo","description":"Imovel Comercial em S\u00e3o Paulo - Regi\u00e3o da Paulista, Itaim, Vila Olimpia e Berrini","publisher":{"@id":"https:\/\/imovelcomercial.imb.br\/novo\/#organization"},"potentialAction":[{"@type":"SearchAction","target":{"@type":"EntryPoint","urlTemplate":"https:\/\/imovelcomercial.imb.br\/novo\/?s={search_term_string}"},"query-input":"required name=search_term_string"}],"inLanguage":"pt-BR"},{"@type":"Organization","@id":"https:\/\/imovelcomercial.imb.br\/novo\/#organization","name":"Im\u00f3vel Comercial - S\u00e3o Paulo","url":"https:\/\/imovelcomercial.imb.br\/novo\/","logo":{"@type":"ImageObject","inLanguage":"pt-BR","@id":"https:\/\/imovelcomercial.imb.br\/novo\/#\/schema\/logo\/image\/","url":"https:\/\/imovelcomercial.imb.br\/novo\/wp-content\/uploads\/2022\/03\/logo.svg","contentUrl":"https:\/\/imovelcomercial.imb.br\/novo\/wp-content\/uploads\/2022\/03\/logo.svg","caption":"Im\u00f3vel Comercial - S\u00e3o Paulo"},"image":{"@id":"https:\/\/imovelcomercial.imb.br\/novo\/#\/schema\/logo\/image\/"}}]}},"_links":{"self":[{"href":"https:\/\/imovelcomercial.imb.br\/novo\/wp-json\/wp\/v2\/project\/247","targetHints":{"allow":["GET"]}}],"collection":[{"href":"https:\/\/imovelcomercial.imb.br\/novo\/wp-json\/wp\/v2\/project"}],"about":[{"href":"https:\/\/imovelcomercial.imb.br\/novo\/wp-json\/wp\/v2\/types\/project"}],"author":[{"embeddable":true,"href":"https:\/\/imovelcomercial.imb.br\/novo\/wp-json\/wp\/v2\/users\/1"}],"replies":[{"embeddable":true,"href":"https:\/\/imovelcomercial.imb.br\/novo\/wp-json\/wp\/v2\/comments?post=247"}],"version-history":[{"count":7,"href":"https:\/\/imovelcomercial.imb.br\/novo\/wp-json\/wp\/v2\/project\/247\/revisions"}],"predecessor-version":[{"id":932,"href":"https:\/\/imovelcomercial.imb.br\/novo\/wp-json\/wp\/v2\/project\/247\/revisions\/932"}],"wp:featuredmedia":[{"embeddable":true,"href":"https:\/\/imovelcomercial.imb.br\/novo\/wp-json\/wp\/v2\/media\/876"}],"wp:attachment":[{"href":"https:\/\/imovelcomercial.imb.br\/novo\/wp-json\/wp\/v2\/media?parent=247"}],"wp:term":[{"taxonomy":"project_category","embeddable":true,"href":"https:\/\/imovelcomercial.imb.br\/novo\/wp-json\/wp\/v2\/project_category?post=247"},{"taxonomy":"project_tag","embeddable":true,"href":"https:\/\/imovelcomercial.imb.br\/novo\/wp-json\/wp\/v2\/project_tag?post=247"}],"curies":[{"name":"wp","href":"https:\/\/api.w.org\/{rel}","templated":true}]}}